{"id":89,"date":"2013-05-07T05:50:48","date_gmt":"2013-05-07T05:50:48","guid":{"rendered":"http:\/\/gradadigital.com\/home\/?page_id=89"},"modified":"2013-11-06T00:43:45","modified_gmt":"2013-11-06T05:13:45","slug":"campeones-1957-1979","status":"publish","type":"page","link":"http:\/\/gradadigital.com\/home\/futbol-nacional\/primera-division\/historia-1era-division\/campeones-1957-1979\/","title":{"rendered":"Campeones: 1957 &#8211; 1979"},"content":{"rendered":"<div>\n<div align=\"center\"><img decoding=\"async\" alt=\"\" src=\"http:\/\/www.gradadigital.com\/tops_minipaginas\/campeones_nacionales_1era.png\" border=\"0\" \/><\/div>\n<div align=\"center\"><a href=\"http:\/\/gradadigital.com\/home\/futbol-nacional\/primera-division\/historia-1era-division\/campeones-1957-1979\/\">1957-1979<\/a> | <a href=\"http:\/\/gradadigital.com\/home\/futbol-nacional\/primera-division\/historia-1era-division\/campeones-1980-1999\/\">1980-1999<\/a> | <a href=\"http:\/\/gradadigital.com\/home\/futbol-nacional\/primera-division\/historia-1era-division\/campeones-2000\/\">2000-&#8230;<\/a><\/div>\n<\/div>\n<div>\n<div align=\"center\">\n<table width=\"100%\" border=\"0\" cellpadding=\"0\">\n<tbody>\n<tr>\n<td>\u00a0<img decoding=\"async\" class=\"aligncenter\" alt=\"\" src=\"http:\/\/www.gradadigital.com\/campeones_GD\/ucv.png\" border=\"0\" \/><\/td>\n<td width=\"306\">\n<table border=\"0\" cellspacing=\"0\" cellpadding=\"0\">\n<tbody>\n<tr>\n<td valign=\"top\" width=\"150\">\n<p align=\"center\"><strong>1957<\/strong><\/p>\n<\/td>\n<td width=\"151\"><\/td>\n<\/tr>\n<tr>\n<td valign=\"top\" width=\"150\"><strong>Campe\u00f3n:<\/strong><\/td>\n<td valign=\"top\" width=\"151\">UCV FC<\/td>\n<\/tr>\n<tr>\n<td valign=\"top\" width=\"150\"><strong>Subcampe\u00f3n:<\/strong><\/td>\n<td valign=\"top\" width=\"151\">La Salle FC<\/td>\n<\/tr>\n<tr>\n<td valign=\"top\" width=\"150\"><strong>T\u00e9cnico Campe\u00f3n:<\/strong><\/td>\n<td valign=\"top\" width=\"151\">Orlando Fantoni<\/td>\n<\/tr>\n<\/tbody>\n<\/table>\n<\/td>\n<\/tr>\n<\/tbody>\n<\/table>\n<\/div>\n<\/div>\n<div>\n<div align=\"center\">\n<table width=\"100%\" border=\"0\" cellpadding=\"0\">\n<tbody>\n<tr>\n<td>\u00a0<img decoding=\"async\" class=\"aligncenter\" alt=\"\" src=\"http:\/\/www.gradadigital.com\/campeones_GD\/cdportugues_gd.png\" border=\"0\" \/><\/td>\n<td width=\"306\">\n<table border=\"0\" cellspacing=\"0\" cellpadding=\"0\">\n<tbody>\n<tr>\n<td valign=\"top\" width=\"150\">\n<p align=\"center\"><strong>1958<\/strong><\/p>\n<\/td>\n<td width=\"151\"><\/td>\n<\/tr>\n<tr>\n<td valign=\"top\" width=\"150\"><strong>Campe\u00f3n:<\/strong><\/td>\n<td valign=\"top\" width=\"151\">Club Deportivo Portugu\u00e9s<\/td>\n<\/tr>\n<tr>\n<td valign=\"top\" width=\"150\"><strong>Subcampe\u00f3n:<\/strong><\/td>\n<td valign=\"top\" width=\"151\">Club Deportivo Espa\u00f1ol<\/td>\n<\/tr>\n<tr>\n<td valign=\"top\" width=\"150\"><strong>T\u00e9cnico Campe\u00f3n:<\/strong><\/td>\n<td valign=\"top\" width=\"151\">Orlando Fantoni<\/td>\n<\/tr>\n<\/tbody>\n<\/table>\n<\/td>\n<\/tr>\n<\/tbody>\n<\/table>\n<\/div>\n<\/div>\n<div>\n<div align=\"center\">\n<table width=\"100%\" border=\"0\" cellpadding=\"0\">\n<tbody>\n<tr>\n<td>\u00a0<img decoding=\"async\" class=\"aligncenter\" alt=\"\" src=\"http:\/\/www.gradadigital.com\/campeones_GD\/cdespanol_gd.png\" border=\"0\" \/><\/td>\n<td width=\"306\">\n<table border=\"0\" cellspacing=\"0\" cellpadding=\"0\">\n<tbody>\n<tr>\n<td valign=\"top\" width=\"150\">\n<p align=\"center\"><strong>1959<\/strong><\/p>\n<\/td>\n<td width=\"151\"><\/td>\n<\/tr>\n<tr>\n<td valign=\"top\" width=\"150\"><strong>Campe\u00f3n:<\/strong><\/td>\n<td valign=\"top\" width=\"151\">Club Deportivo Espa\u00f1ol<\/td>\n<\/tr>\n<tr>\n<td valign=\"top\" width=\"150\"><strong>Subcampe\u00f3n:<\/strong><\/td>\n<td valign=\"top\" width=\"151\">Club Deportivo Portugu\u00e9s<\/td>\n<\/tr>\n<tr>\n<td valign=\"top\" width=\"150\"><strong>T\u00e9cnico Campe\u00f3n:<\/strong><\/td>\n<td valign=\"top\" width=\"151\">Delf\u00edn Ben\u00edtez C\u00e1ceres<\/td>\n<\/tr>\n<\/tbody>\n<\/table>\n<\/td>\n<\/tr>\n<\/tbody>\n<\/table>\n<\/div>\n<\/div>\n<div align=\"center\">\n<table width=\"100%\" border=\"0\" cellpadding=\"0\">\n<tbody>\n<tr>\n<td>\u00a0<img decoding=\"async\" class=\"aligncenter\" alt=\"\" src=\"http:\/\/www.gradadigital.com\/campeones_GD\/cdportugues_gd.png\" border=\"0\" \/><\/td>\n<td width=\"306\">\n<table border=\"0\" cellspacing=\"0\" cellpadding=\"0\">\n<tbody>\n<tr>\n<td valign=\"top\" width=\"150\">\n<p align=\"center\"><strong>1960<\/strong><\/p>\n<\/td>\n<td width=\"151\"><\/td>\n<\/tr>\n<tr>\n<td valign=\"top\" width=\"150\"><strong>Campe\u00f3n:<\/strong><\/td>\n<td valign=\"top\" width=\"151\">Club Deportivo Portugu\u00e9s<\/td>\n<\/tr>\n<tr>\n<td valign=\"top\" width=\"150\"><strong>Subcampe\u00f3n:<\/strong><\/td>\n<td valign=\"top\" width=\"151\">Club Deportivo Espa\u00f1ol<\/td>\n<\/tr>\n<tr>\n<td valign=\"top\" width=\"150\"><strong>T\u00e9cnico Campe\u00f3n:<\/strong><\/td>\n<td valign=\"top\" width=\"151\">Javier Ferreira<\/td>\n<\/tr>\n<\/tbody>\n<\/table>\n<\/td>\n<\/tr>\n<\/tbody>\n<\/table>\n<table width=\"100%\" border=\"0\" cellpadding=\"0\">\n<tbody>\n<tr>\n<td>\u00a0<img decoding=\"async\" class=\"aligncenter\" alt=\"\" src=\"http:\/\/www.gradadigital.com\/campeones_GD\/depitalia_1_gd.png\" border=\"0\" \/><\/td>\n<td width=\"306\">\n<table border=\"0\" cellspacing=\"0\" cellpadding=\"0\">\n<tbody>\n<tr>\n<td valign=\"top\" width=\"150\">\n<p align=\"center\"><strong>1961<\/strong><\/p>\n<\/td>\n<td width=\"151\"><\/td>\n<\/tr>\n<tr>\n<td valign=\"top\" width=\"150\"><strong>Campe\u00f3n:<\/strong><\/td>\n<td valign=\"top\" width=\"151\">Deportivo Italia<\/td>\n<\/tr>\n<tr>\n<td valign=\"top\" width=\"150\"><strong>Subcampe\u00f3n:<\/strong><\/td>\n<td valign=\"top\" width=\"151\">Banco Agr\u00edcola y Pecuario<\/td>\n<\/tr>\n<tr>\n<td valign=\"top\" width=\"150\"><strong>T\u00e9cnico Campe\u00f3n:<\/strong><\/td>\n<td valign=\"top\" width=\"151\">Orlando Fantoni<\/td>\n<\/tr>\n<\/tbody>\n<\/table>\n<\/td>\n<\/tr>\n<\/tbody>\n<\/table>\n<table width=\"100%\" border=\"0\" cellpadding=\"0\">\n<tbody>\n<tr>\n<td>\u00a0<img decoding=\"async\" class=\"aligncenter\" alt=\"\" src=\"http:\/\/www.gradadigital.com\/campeones_GD\/cdportugues_gd.png\" border=\"0\" \/><\/td>\n<td width=\"306\">\n<table border=\"0\" cellspacing=\"0\" cellpadding=\"0\">\n<tbody>\n<tr>\n<td valign=\"top\" width=\"150\">\n<p align=\"center\"><strong>1962<\/strong><\/p>\n<\/td>\n<td width=\"151\"><\/td>\n<\/tr>\n<tr>\n<td valign=\"top\" width=\"150\"><strong>Campe\u00f3n:<\/strong><\/td>\n<td valign=\"top\" width=\"151\">Club Deportivo Portugu\u00e9s<\/td>\n<\/tr>\n<tr>\n<td valign=\"top\" width=\"150\"><strong>Subcampe\u00f3n:<\/strong><\/td>\n<td valign=\"top\" width=\"151\">Universidad Central FC<\/td>\n<\/tr>\n<tr>\n<td valign=\"top\" width=\"150\"><strong>T\u00e9cnico Campe\u00f3n:<\/strong><\/td>\n<td valign=\"top\" width=\"151\">Emilio Huguet<\/td>\n<\/tr>\n<\/tbody>\n<\/table>\n<\/td>\n<\/tr>\n<\/tbody>\n<\/table>\n<table width=\"100%\" border=\"0\" cellpadding=\"0\">\n<tbody>\n<tr>\n<td>\u00a0<img decoding=\"async\" class=\"aligncenter\" alt=\"\" src=\"http:\/\/www.gradadigital.com\/campeones_GD\/depitalia_1_gd.png\" border=\"0\" \/><\/td>\n<td width=\"306\">\n<table border=\"0\" cellspacing=\"0\" cellpadding=\"0\">\n<tbody>\n<tr>\n<td valign=\"top\" width=\"150\">\n<p align=\"center\"><strong>1963<\/strong><\/p>\n<\/td>\n<td width=\"151\"><\/td>\n<\/tr>\n<tr>\n<td valign=\"top\" width=\"150\"><strong>Campe\u00f3n:<\/strong><\/td>\n<td valign=\"top\" width=\"151\">Deportivo Italia<\/td>\n<\/tr>\n<tr>\n<td valign=\"top\" width=\"150\"><strong>Subcampe\u00f3n:<\/strong><\/td>\n<td valign=\"top\" width=\"151\">Club Deportivo Portugu\u00e9s<\/td>\n<\/tr>\n<tr>\n<td valign=\"top\" width=\"150\"><strong>T\u00e9cnico Campe\u00f3n:<\/strong><\/td>\n<td valign=\"top\" width=\"151\">Orlando Fantoni<\/td>\n<\/tr>\n<\/tbody>\n<\/table>\n<\/td>\n<\/tr>\n<\/tbody>\n<\/table>\n<table width=\"100%\" border=\"0\" cellpadding=\"0\">\n<tbody>\n<tr>\n<td>\u00a0<img decoding=\"async\" class=\"aligncenter\" alt=\"\" src=\"http:\/\/www.gradadigital.com\/campeones_GD\/depgalicia_gd.png\" border=\"0\" \/><\/td>\n<td width=\"306\">\n<table border=\"0\" cellspacing=\"0\" cellpadding=\"0\">\n<tbody>\n<tr>\n<td valign=\"top\" width=\"150\">\n<p align=\"center\"><strong>1964<\/strong><\/p>\n<\/td>\n<td width=\"151\"><\/td>\n<\/tr>\n<tr>\n<td valign=\"top\" width=\"150\"><strong>Campe\u00f3n:<\/strong><\/td>\n<td valign=\"top\" width=\"151\">Deportivo Galicia<\/td>\n<\/tr>\n<tr>\n<td valign=\"top\" width=\"150\"><strong>Subcampe\u00f3n:<\/strong><\/td>\n<td valign=\"top\" width=\"151\">Tiquire Flores FC<\/td>\n<\/tr>\n<tr>\n<td valign=\"top\" width=\"150\"><strong>T\u00e9cnico Campe\u00f3n:<\/strong><\/td>\n<td valign=\"top\" width=\"151\">Julio C\u00e9sar Britos<\/td>\n<\/tr>\n<\/tbody>\n<\/table>\n<\/td>\n<\/tr>\n<\/tbody>\n<\/table>\n<table width=\"100%\" border=\"0\" cellpadding=\"0\">\n<tbody>\n<tr>\n<td>\u00a0<img decoding=\"async\" class=\"aligncenter\" alt=\"\" src=\"http:\/\/www.gradadigital.com\/campeones_GD\/larafc_gd.png\" border=\"0\" \/><\/td>\n<td width=\"306\">\n<table border=\"0\" cellspacing=\"0\" cellpadding=\"0\">\n<tbody>\n<tr>\n<td valign=\"top\" width=\"150\">\n<p align=\"center\"><strong>1965<\/strong><\/p>\n<\/td>\n<td width=\"151\"><\/td>\n<\/tr>\n<tr>\n<td valign=\"top\" width=\"150\"><strong>Campe\u00f3n:<\/strong><\/td>\n<td valign=\"top\" width=\"151\">Lara FC<\/td>\n<\/tr>\n<tr>\n<td valign=\"top\" width=\"150\"><strong>Subcampe\u00f3n:<\/strong><\/td>\n<td valign=\"top\" width=\"151\">Deportivo Italia<\/td>\n<\/tr>\n<tr>\n<td valign=\"top\" width=\"150\"><strong>T\u00e9cnico Campe\u00f3n:<\/strong><\/td>\n<td valign=\"top\" width=\"151\">Gaetano Pint\u00f3n<\/td>\n<\/tr>\n<\/tbody>\n<\/table>\n<\/td>\n<\/tr>\n<\/tbody>\n<\/table>\n<table width=\"100%\" border=\"0\" cellpadding=\"0\">\n<tbody>\n<tr>\n<td>\u00a0<img decoding=\"async\" class=\"aligncenter\" alt=\"\" src=\"http:\/\/www.gradadigital.com\/campeones_GD\/depitalia_1_gd.png\" border=\"0\" \/><\/td>\n<td width=\"306\">\n<table border=\"0\" cellspacing=\"0\" cellpadding=\"0\">\n<tbody>\n<tr>\n<td valign=\"top\" width=\"150\">\n<p align=\"center\"><strong>1966<\/strong><\/p>\n<\/td>\n<td width=\"151\"><\/td>\n<\/tr>\n<tr>\n<td valign=\"top\" width=\"150\"><strong>Campe\u00f3n:<\/strong><\/td>\n<td valign=\"top\" width=\"151\">Deportivo Italia<\/td>\n<\/tr>\n<tr>\n<td valign=\"top\" width=\"150\"><strong>Subcampe\u00f3n:<\/strong><\/td>\n<td valign=\"top\" width=\"151\">Club Deportivo Portugu\u00e9s<\/td>\n<\/tr>\n<tr>\n<td valign=\"top\" width=\"150\"><strong>T\u00e9cnico Campe\u00f3n:<\/strong><\/td>\n<td valign=\"top\" width=\"151\">Orlando Fantoni<\/td>\n<\/tr>\n<\/tbody>\n<\/table>\n<\/td>\n<\/tr>\n<\/tbody>\n<\/table>\n<table width=\"100%\" border=\"0\" cellpadding=\"0\">\n<tbody>\n<tr>\n<td>\u00a0<img decoding=\"async\" class=\"aligncenter\" alt=\"\" src=\"http:\/\/www.gradadigital.com\/campeones_GD\/cdportugues_gd.png\" border=\"0\" \/><\/td>\n<td width=\"306\">\n<table border=\"0\" cellspacing=\"0\" cellpadding=\"0\">\n<tbody>\n<tr>\n<td valign=\"top\" width=\"150\">\n<p align=\"center\"><strong>1967<\/strong><\/p>\n<\/td>\n<td width=\"151\"><\/td>\n<\/tr>\n<tr>\n<td valign=\"top\" width=\"150\"><strong>Campe\u00f3n:<\/strong><\/td>\n<td valign=\"top\" width=\"151\">Club Deportivo Portugu\u00e9s<\/td>\n<\/tr>\n<tr>\n<td valign=\"top\" width=\"150\"><strong>Subcampe\u00f3n:<\/strong><\/td>\n<td valign=\"top\" width=\"151\">Deportivo Galicia<\/td>\n<\/tr>\n<tr>\n<td valign=\"top\" width=\"150\"><strong>T\u00e9cnico Campe\u00f3n:<\/strong><\/td>\n<td valign=\"top\" width=\"151\">Jos\u00e9 Juli\u00e1n Hern\u00e1ndez<\/td>\n<\/tr>\n<\/tbody>\n<\/table>\n<\/td>\n<\/tr>\n<\/tbody>\n<\/table>\n<table width=\"100%\" border=\"0\" cellpadding=\"0\">\n<tbody>\n<tr>\n<td>\u00a0<img decoding=\"async\" class=\"aligncenter\" alt=\"\" src=\"http:\/\/www.gradadigital.com\/campeones_GD\/udcanarias_gd.png\" border=\"0\" \/><\/td>\n<td width=\"306\">\n<table border=\"0\" cellspacing=\"0\" cellpadding=\"0\">\n<tbody>\n<tr>\n<td valign=\"top\" width=\"150\">\n<p align=\"center\"><strong>1968<\/strong><\/p>\n<\/td>\n<td width=\"151\"><\/td>\n<\/tr>\n<tr>\n<td valign=\"top\" width=\"150\"><strong>Campe\u00f3n:<\/strong><\/td>\n<td valign=\"top\" width=\"151\">Unidad Deportiva Canarias<\/td>\n<\/tr>\n<tr>\n<td valign=\"top\" width=\"150\"><strong>Subcampe\u00f3n:<\/strong><\/td>\n<td valign=\"top\" width=\"151\">Deportivo Italia<\/td>\n<\/tr>\n<tr>\n<td valign=\"top\" width=\"150\"><strong>T\u00e9cnico Campe\u00f3n:<\/strong><\/td>\n<td valign=\"top\" width=\"151\">Manuel Arias<\/td>\n<\/tr>\n<\/tbody>\n<\/table>\n<\/td>\n<\/tr>\n<\/tbody>\n<\/table>\n<table width=\"100%\" border=\"0\" cellpadding=\"0\">\n<tbody>\n<tr>\n<td>\u00a0<img decoding=\"async\" class=\"aligncenter\" alt=\"\" src=\"http:\/\/www.gradadigital.com\/campeones_GD\/depgalicia_2_gd.png\" border=\"0\" \/><\/td>\n<td width=\"306\">\n<table border=\"0\" cellspacing=\"0\" cellpadding=\"0\">\n<tbody>\n<tr>\n<td valign=\"top\" width=\"150\">\n<p align=\"center\"><strong>1969<\/strong><\/p>\n<\/td>\n<td width=\"151\"><\/td>\n<\/tr>\n<tr>\n<td valign=\"top\" width=\"150\"><strong>Campe\u00f3n:<\/strong><\/td>\n<td valign=\"top\" width=\"151\">Deportivo Galicia<\/td>\n<\/tr>\n<tr>\n<td valign=\"top\" width=\"150\"><strong>Subcampe\u00f3n:<\/strong><\/td>\n<td valign=\"top\" width=\"151\">Valencia FC<\/td>\n<\/tr>\n<tr>\n<td valign=\"top\" width=\"150\"><strong>T\u00e9cnico Campe\u00f3n:<\/strong><\/td>\n<td valign=\"top\" width=\"151\">Julio C\u00e9sar Britos<\/td>\n<\/tr>\n<\/tbody>\n<\/table>\n<\/td>\n<\/tr>\n<\/tbody>\n<\/table>\n<table width=\"100%\" border=\"0\" cellpadding=\"0\">\n<tbody>\n<tr>\n<td>\u00a0<img decoding=\"async\" class=\"aligncenter\" alt=\"\" src=\"http:\/\/www.gradadigital.com\/campeones_GD\/depgalicia_2_gd.png\" border=\"0\" \/><\/td>\n<td width=\"306\">\n<table border=\"0\" cellspacing=\"0\" cellpadding=\"0\">\n<tbody>\n<tr>\n<td valign=\"top\" width=\"150\">\n<p align=\"center\"><strong>1970<\/strong><\/p>\n<\/td>\n<td width=\"151\"><\/td>\n<\/tr>\n<tr>\n<td valign=\"top\" width=\"150\"><strong>Campe\u00f3n:<\/strong><\/td>\n<td valign=\"top\" width=\"151\">Deportivo Galicia<\/td>\n<\/tr>\n<tr>\n<td valign=\"top\" width=\"150\"><strong>Subcampe\u00f3n:<\/strong><\/td>\n<td valign=\"top\" width=\"151\">Deportivo Italia<\/td>\n<\/tr>\n<tr>\n<td valign=\"top\" width=\"150\"><strong>T\u00e9cnico Campe\u00f3n:<\/strong><\/td>\n<td valign=\"top\" width=\"151\">Silvio Leite<\/td>\n<\/tr>\n<\/tbody>\n<\/table>\n<\/td>\n<\/tr>\n<\/tbody>\n<\/table>\n<table width=\"100%\" border=\"0\" cellpadding=\"0\">\n<tbody>\n<tr>\n<td>\u00a0<img decoding=\"async\" class=\"aligncenter\" alt=\"\" src=\"http:\/\/www.gradadigital.com\/campeones_GD\/valenciafc_gd.png\" border=\"0\" \/><\/td>\n<td width=\"306\">\n<table border=\"0\" cellspacing=\"0\" cellpadding=\"0\">\n<tbody>\n<tr>\n<td valign=\"top\" width=\"150\">\n<p align=\"center\"><strong>1971<\/strong><\/p>\n<\/td>\n<td width=\"151\"><\/td>\n<\/tr>\n<tr>\n<td valign=\"top\" width=\"150\"><strong>Campe\u00f3n:<\/strong><\/td>\n<td valign=\"top\" width=\"151\">Valencia FC<\/td>\n<\/tr>\n<tr>\n<td valign=\"top\" width=\"150\"><strong>Subcampe\u00f3n:<\/strong><\/td>\n<td valign=\"top\" width=\"151\">Deportivo Italia<\/td>\n<\/tr>\n<tr>\n<td valign=\"top\" width=\"150\"><strong>T\u00e9cnico Campe\u00f3n:<\/strong><\/td>\n<td valign=\"top\" width=\"151\">Walter Roque<\/td>\n<\/tr>\n<\/tbody>\n<\/table>\n<\/td>\n<\/tr>\n<\/tbody>\n<\/table>\n<table width=\"100%\" border=\"0\" cellpadding=\"0\">\n<tbody>\n<tr>\n<td>\u00a0<img decoding=\"async\" class=\"aligncenter\" alt=\"\" src=\"http:\/\/www.gradadigital.com\/campeones_GD\/depitalia_2_gd.png\" border=\"0\" \/><\/td>\n<td width=\"306\">\n<table border=\"0\" cellspacing=\"0\" cellpadding=\"0\">\n<tbody>\n<tr>\n<td valign=\"top\" width=\"150\">\n<p align=\"center\"><strong>1972<\/strong><\/p>\n<\/td>\n<td width=\"151\"><\/td>\n<\/tr>\n<tr>\n<td valign=\"top\" width=\"150\"><strong>Campe\u00f3n:<\/strong><\/td>\n<td valign=\"top\" width=\"151\">Deportivo Italia<\/td>\n<\/tr>\n<tr>\n<td valign=\"top\" width=\"150\"><strong>Subcampe\u00f3n:<\/strong><\/td>\n<td valign=\"top\" width=\"151\">Deportivo Galicia<\/td>\n<\/tr>\n<tr>\n<td valign=\"top\" width=\"150\"><strong>T\u00e9cnico Campe\u00f3n:<\/strong><\/td>\n<td valign=\"top\" width=\"151\">Elmo Correa<\/td>\n<\/tr>\n<\/tbody>\n<\/table>\n<\/td>\n<\/tr>\n<\/tbody>\n<\/table>\n<table width=\"100%\" border=\"0\" cellpadding=\"0\">\n<tbody>\n<tr>\n<td>\u00a0<img decoding=\"async\" class=\"aligncenter\" alt=\"\" src=\"http:\/\/www.gradadigital.com\/campeones_GD\/portuguesafc_gd.png\" border=\"0\" \/><\/td>\n<td width=\"306\">\n<table border=\"0\" cellspacing=\"0\" cellpadding=\"0\">\n<tbody>\n<tr>\n<td valign=\"top\" width=\"150\">\n<p align=\"center\"><strong>1973<\/strong><\/p>\n<\/td>\n<td width=\"151\"><\/td>\n<\/tr>\n<tr>\n<td valign=\"top\" width=\"150\"><strong>Campe\u00f3n:<\/strong><\/td>\n<td valign=\"top\" width=\"151\">Portuguesa FC<\/td>\n<\/tr>\n<tr>\n<td valign=\"top\" width=\"150\"><strong>Subcampe\u00f3n:<\/strong><\/td>\n<td valign=\"top\" width=\"151\">Valencia FC<\/td>\n<\/tr>\n<tr>\n<td valign=\"top\" width=\"150\"><strong>T\u00e9cnico Campe\u00f3n:<\/strong><\/td>\n<td valign=\"top\" width=\"151\">Walter Roque<\/td>\n<\/tr>\n<\/tbody>\n<\/table>\n<\/td>\n<\/tr>\n<\/tbody>\n<\/table>\n<table width=\"100%\" border=\"0\" cellpadding=\"0\">\n<tbody>\n<tr>\n<td>\u00a0<img decoding=\"async\" class=\"aligncenter\" alt=\"\" src=\"http:\/\/www.gradadigital.com\/campeones_GD\/depgalicia_2_gd.png\" border=\"0\" \/><\/td>\n<td width=\"306\">\n<table border=\"0\" cellspacing=\"0\" cellpadding=\"0\">\n<tbody>\n<tr>\n<td valign=\"top\" width=\"150\">\n<p align=\"center\"><strong>1974<\/strong><\/p>\n<\/td>\n<td width=\"151\"><\/td>\n<\/tr>\n<tr>\n<td valign=\"top\" width=\"150\"><strong>Campe\u00f3n:<\/strong><\/td>\n<td valign=\"top\" width=\"151\">Deportivo Galicia<\/td>\n<\/tr>\n<tr>\n<td valign=\"top\" width=\"150\"><strong>Subcampe\u00f3n:<\/strong><\/td>\n<td valign=\"top\" width=\"151\">Portuguesa FC<\/td>\n<\/tr>\n<tr>\n<td valign=\"top\" width=\"150\"><strong>T\u00e9cnico Campe\u00f3n:<\/strong><\/td>\n<td valign=\"top\" width=\"151\">Walter Roque<\/td>\n<\/tr>\n<\/tbody>\n<\/table>\n<\/td>\n<\/tr>\n<\/tbody>\n<\/table>\n<table width=\"100%\" border=\"0\" cellpadding=\"0\">\n<tbody>\n<tr>\n<td>\u00a0<img decoding=\"async\" class=\"aligncenter\" alt=\"\" src=\"http:\/\/www.gradadigital.com\/campeones_GD\/portuguesafc_gd.png\" border=\"0\" \/><\/td>\n<td width=\"306\">\n<table border=\"0\" cellspacing=\"0\" cellpadding=\"0\">\n<tbody>\n<tr>\n<td valign=\"top\" width=\"150\">\n<p align=\"center\"><strong>1975<\/strong><\/p>\n<\/td>\n<td width=\"151\"><\/td>\n<\/tr>\n<tr>\n<td valign=\"top\" width=\"150\"><strong>Campe\u00f3n:<\/strong><\/td>\n<td valign=\"top\" width=\"151\">Portuguesa FC<\/td>\n<\/tr>\n<tr>\n<td valign=\"top\" width=\"150\"><strong>Subcampe\u00f3n:<\/strong><\/td>\n<td valign=\"top\" width=\"151\">Deportivo Galicia<\/td>\n<\/tr>\n<tr>\n<td valign=\"top\" width=\"150\"><strong>T\u00e9cnico Campe\u00f3n:<\/strong><\/td>\n<td valign=\"top\" width=\"151\">Vladimir Popovic<\/td>\n<\/tr>\n<\/tbody>\n<\/table>\n<\/td>\n<\/tr>\n<\/tbody>\n<\/table>\n<table width=\"100%\" border=\"0\" cellpadding=\"0\">\n<tbody>\n<tr>\n<td>\u00a0<img decoding=\"async\" class=\"aligncenter\" alt=\"\" src=\"http:\/\/www.gradadigital.com\/campeones_GD\/portuguesafc_gd.png\" border=\"0\" \/><\/td>\n<td width=\"306\">\n<table border=\"0\" cellspacing=\"0\" cellpadding=\"0\">\n<tbody>\n<tr>\n<td valign=\"top\" width=\"150\">\n<p align=\"center\"><strong>1976<\/strong><\/p>\n<\/td>\n<td width=\"151\"><\/td>\n<\/tr>\n<tr>\n<td valign=\"top\" width=\"150\"><strong>Campe\u00f3n:<\/strong><\/td>\n<td valign=\"top\" width=\"151\">Portuguesa FC<\/td>\n<\/tr>\n<tr>\n<td valign=\"top\" width=\"150\"><strong>Subcampe\u00f3n:<\/strong><\/td>\n<td valign=\"top\" width=\"151\">Estudiantes de M\u00e9rida<\/td>\n<\/tr>\n<tr>\n<td valign=\"top\" width=\"150\"><strong>T\u00e9cnico Campe\u00f3n:<\/strong><\/td>\n<td valign=\"top\" width=\"151\">Benjam\u00edn Fern\u00e1ndez<\/td>\n<\/tr>\n<\/tbody>\n<\/table>\n<\/td>\n<\/tr>\n<\/tbody>\n<\/table>\n<table width=\"100%\" border=\"0\" cellpadding=\"0\">\n<tbody>\n<tr>\n<td>\u00a0<img decoding=\"async\" class=\"aligncenter\" alt=\"\" src=\"http:\/\/www.gradadigital.com\/campeones_GD\/portuguesafc_gd.png\" border=\"0\" \/><\/td>\n<td width=\"306\">\n<table border=\"0\" cellspacing=\"0\" cellpadding=\"0\">\n<tbody>\n<tr>\n<td valign=\"top\" width=\"150\">\n<p align=\"center\"><strong>1977<\/strong><\/p>\n<\/td>\n<td width=\"151\"><\/td>\n<\/tr>\n<tr>\n<td valign=\"top\" width=\"150\"><strong>Campe\u00f3n:<\/strong><\/td>\n<td valign=\"top\" width=\"151\">Portuguesa FC<\/td>\n<\/tr>\n<tr>\n<td valign=\"top\" width=\"150\"><strong>Subcampe\u00f3n:<\/strong><\/td>\n<td valign=\"top\" width=\"151\">Estudiantes de M\u00e9rida<\/td>\n<\/tr>\n<tr>\n<td valign=\"top\" width=\"150\"><strong>T\u00e9cnico Campe\u00f3n:<\/strong><\/td>\n<td valign=\"top\" width=\"151\">Vladimir Popovic<\/td>\n<\/tr>\n<\/tbody>\n<\/table>\n<\/td>\n<\/tr>\n<\/tbody>\n<\/table>\n<table width=\"100%\" border=\"0\" cellpadding=\"0\">\n<tbody>\n<tr>\n<td>\u00a0<img decoding=\"async\" class=\"aligncenter\" alt=\"\" src=\"http:\/\/www.gradadigital.com\/campeones_GD\/portuguesafc_gd.png\" border=\"0\" \/><\/td>\n<td width=\"306\">\n<table border=\"0\" cellspacing=\"0\" cellpadding=\"0\">\n<tbody>\n<tr>\n<td valign=\"top\" width=\"150\">\n<p align=\"center\"><strong>1978<\/strong><\/p>\n<\/td>\n<td width=\"151\"><\/td>\n<\/tr>\n<tr>\n<td valign=\"top\" width=\"150\"><strong>Campe\u00f3n:<\/strong><\/td>\n<td valign=\"top\" width=\"151\">Portuguesa FC<\/td>\n<\/tr>\n<tr>\n<td valign=\"top\" width=\"150\"><strong>Subcampe\u00f3n:<\/strong><\/td>\n<td valign=\"top\" width=\"151\">Deportivo Galicia<\/td>\n<\/tr>\n<tr>\n<td valign=\"top\" width=\"150\"><strong>T\u00e9cnico Campe\u00f3n:<\/strong><\/td>\n<td valign=\"top\" width=\"151\">Celio Mora<\/td>\n<\/tr>\n<\/tbody>\n<\/table>\n<\/td>\n<\/tr>\n<\/tbody>\n<\/table>\n<table width=\"100%\" border=\"0\" cellpadding=\"0\">\n<tbody>\n<tr>\n<td>\u00a0<img decoding=\"async\" class=\"aligncenter\" alt=\"\" src=\"http:\/\/www.gradadigital.com\/campeones_GD\/deptachira_1_gd.png\" border=\"0\" \/><\/td>\n<td width=\"306\">\n<table border=\"0\" cellspacing=\"0\" cellpadding=\"0\">\n<tbody>\n<tr>\n<td valign=\"top\" width=\"150\">\n<p align=\"center\"><strong>1979<\/strong><\/p>\n<\/td>\n<td width=\"151\"><\/td>\n<\/tr>\n<tr>\n<td valign=\"top\" width=\"150\"><strong>Campe\u00f3n:<\/strong><\/td>\n<td valign=\"top\" width=\"151\">Deportivo T\u00e1chira<\/td>\n<\/tr>\n<tr>\n<td valign=\"top\" width=\"150\"><strong>Subcampe\u00f3n:<\/strong><\/td>\n<td valign=\"top\" width=\"151\">Deportivo Galicia<\/td>\n<\/tr>\n<tr>\n<td valign=\"top\" width=\"150\"><strong>T\u00e9cnico Campe\u00f3n:<\/strong><\/td>\n<td valign=\"top\" width=\"151\">Esteban Beracochea<\/td>\n<\/tr>\n<\/tbody>\n<\/table>\n<\/td>\n<\/tr>\n<\/tbody>\n<\/table>\n<\/div>\n<p>&nbsp;<\/p>\n","protected":false},"excerpt":{"rendered":"<p>1957-1979 | 1980-1999 | 2000-&#8230; \u00a0 1957 Campe\u00f3n: UCV FC Subcampe\u00f3n: La Salle FC T\u00e9cnico Campe\u00f3n: Orlando Fantoni \u00a0 1958 Campe\u00f3n: Club Deportivo Portugu\u00e9s Subcampe\u00f3n: Club Deportivo Espa\u00f1ol T\u00e9cnico Campe\u00f3n: Orlando Fantoni \u00a0 1959 Campe\u00f3n: Club Deportivo Espa\u00f1ol Subcampe\u00f3n: Club Deportivo Portugu\u00e9s T\u00e9cnico Campe\u00f3n: Delf\u00edn Ben\u00edtez C\u00e1ceres \u00a0 1960 Campe\u00f3n: Club Deportivo Portugu\u00e9s Subcampe\u00f3n: Club &#8230;<\/p>\n","protected":false},"author":1,"featured_media":0,"parent":18,"menu_order":0,"comment_status":"closed","ping_status":"closed","template":"","meta":{"footnotes":""},"class_list":["post-89","page","type-page","status-publish","hentry"],"_links":{"self":[{"href":"http:\/\/gradadigital.com\/home\/wp-json\/wp\/v2\/pages\/89","targetHints":{"allow":["GET"]}}],"collection":[{"href":"http:\/\/gradadigital.com\/home\/wp-json\/wp\/v2\/pages"}],"about":[{"href":"http:\/\/gradadigital.com\/home\/wp-json\/wp\/v2\/types\/page"}],"author":[{"embeddable":true,"href":"http:\/\/gradadigital.com\/home\/wp-json\/wp\/v2\/users\/1"}],"replies":[{"embeddable":true,"href":"http:\/\/gradadigital.com\/home\/wp-json\/wp\/v2\/comments?post=89"}],"version-history":[{"count":7,"href":"http:\/\/gradadigital.com\/home\/wp-json\/wp\/v2\/pages\/89\/revisions"}],"predecessor-version":[{"id":6378,"href":"http:\/\/gradadigital.com\/home\/wp-json\/wp\/v2\/pages\/89\/revisions\/6378"}],"up":[{"embeddable":true,"href":"http:\/\/gradadigital.com\/home\/wp-json\/wp\/v2\/pages\/18"}],"wp:attachment":[{"href":"http:\/\/gradadigital.com\/home\/wp-json\/wp\/v2\/media?parent=89"}],"curies":[{"name":"wp","href":"https:\/\/api.w.org\/{rel}","templated":true}]}}