{"id":12635,"date":"2014-06-06T05:29:33","date_gmt":"2014-06-06T09:59:33","guid":{"rendered":"http:\/\/gradadigital.com\/home\/?page_id=12635"},"modified":"2014-06-09T03:31:47","modified_gmt":"2014-06-09T08:01:47","slug":"especial-el-analisis-de-los-sudamericanos-para-el-mundial","status":"publish","type":"page","link":"http:\/\/gradadigital.com\/home\/especial-el-analisis-de-los-sudamericanos-para-el-mundial\/","title":{"rendered":"ESPECIAL | El an\u00e1lisis de los Sudamericanos para el Mundial"},"content":{"rendered":"<p style=\"text-align: center;\"><img loading=\"lazy\" decoding=\"async\" class=\"alignnone size-full wp-image-12636\" src=\"http:\/\/gradadigital.com\/home\/wp-content\/uploads\/2014\/06\/analisis_sudamericanos_03062014.jpg\" alt=\"analisis_sudamericanos_03062014\" width=\"682\" height=\"396\" srcset=\"http:\/\/gradadigital.com\/home\/wp-content\/uploads\/2014\/06\/analisis_sudamericanos_03062014.jpg 682w, http:\/\/gradadigital.com\/home\/wp-content\/uploads\/2014\/06\/analisis_sudamericanos_03062014-300x174.jpg 300w\" sizes=\"auto, (max-width: 682px) 100vw, 682px\" \/><\/p>\n<p style=\"text-align: center;\"><a href=\"http:\/\/gradadigital.com\/home\/especial-los-documentales-on-line-de-la-historia-de-los-mundiales-de-futbol-1954-2010\/\"><img loading=\"lazy\" decoding=\"async\" class=\"alignnone wp-image-12677\" src=\"http:\/\/gradadigital.com\/home\/wp-content\/uploads\/2014\/06\/boton_historiavideos.jpg\" alt=\"boton_historiavideos\" width=\"100\" height=\"100\" srcset=\"http:\/\/gradadigital.com\/home\/wp-content\/uploads\/2014\/06\/boton_historiavideos.jpg 135w, http:\/\/gradadigital.com\/home\/wp-content\/uploads\/2014\/06\/boton_historiavideos-70x70.jpg 70w\" sizes=\"auto, (max-width: 100px) 100vw, 100px\" \/><\/a>\u00a0<a href=\"http:\/\/gradadigital.com\/home\/especial-la-copa\/\"><img loading=\"lazy\" decoding=\"async\" class=\"alignnone wp-image-12678\" src=\"http:\/\/gradadigital.com\/home\/wp-content\/uploads\/2014\/06\/boton_lacopa.jpg\" alt=\"boton_lacopa\" width=\"100\" height=\"100\" srcset=\"http:\/\/gradadigital.com\/home\/wp-content\/uploads\/2014\/06\/boton_lacopa.jpg 135w, http:\/\/gradadigital.com\/home\/wp-content\/uploads\/2014\/06\/boton_lacopa-70x70.jpg 70w\" sizes=\"auto, (max-width: 100px) 100vw, 100px\" \/><\/a>\u00a0<a href=\"http:\/\/gradadigital.com\/home\/especial-los-balones-de-cada-edicion-mundialista\/\"><img loading=\"lazy\" decoding=\"async\" class=\"alignnone wp-image-12679\" src=\"http:\/\/gradadigital.com\/home\/wp-content\/uploads\/2014\/06\/boton_losbalones.jpg\" alt=\"boton_losbalones\" width=\"100\" height=\"100\" srcset=\"http:\/\/gradadigital.com\/home\/wp-content\/uploads\/2014\/06\/boton_losbalones.jpg 135w, http:\/\/gradadigital.com\/home\/wp-content\/uploads\/2014\/06\/boton_losbalones-70x70.jpg 70w\" sizes=\"auto, (max-width: 100px) 100vw, 100px\" \/><\/a>\u00a0<a href=\"http:\/\/gradadigital.com\/home\/especial-estos-son-los-estadios-del-mundial-de-brasil-2014\/\"><img loading=\"lazy\" decoding=\"async\" class=\"alignnone wp-image-12680\" src=\"http:\/\/gradadigital.com\/home\/wp-content\/uploads\/2014\/06\/boton_losestadios.jpg\" alt=\"boton_losestadios\" width=\"100\" height=\"100\" srcset=\"http:\/\/gradadigital.com\/home\/wp-content\/uploads\/2014\/06\/boton_losestadios.jpg 135w, http:\/\/gradadigital.com\/home\/wp-content\/uploads\/2014\/06\/boton_losestadios-70x70.jpg 70w\" sizes=\"auto, (max-width: 100px) 100vw, 100px\" \/><\/a>\u00a0<a href=\"http:\/\/gradadigital.com\/home\/especial-el-analisis-de-los-sudamericanos-para-el-mundial\/\"><img loading=\"lazy\" decoding=\"async\" class=\"alignnone wp-image-12681\" src=\"http:\/\/gradadigital.com\/home\/wp-content\/uploads\/2014\/06\/boton_lossudamericanos.jpg\" alt=\"boton_lossudamericanos\" width=\"100\" height=\"100\" srcset=\"http:\/\/gradadigital.com\/home\/wp-content\/uploads\/2014\/06\/boton_lossudamericanos.jpg 135w, http:\/\/gradadigital.com\/home\/wp-content\/uploads\/2014\/06\/boton_lossudamericanos-70x70.jpg 70w\" sizes=\"auto, (max-width: 100px) 100vw, 100px\" \/><\/a>\u00a0<a href=\"http:\/\/gradadigital.com\/home\/especial-la-historia-de-todos-los-mundiales-datos\/\"><img loading=\"lazy\" decoding=\"async\" class=\"alignnone wp-image-12755\" src=\"http:\/\/gradadigital.com\/home\/wp-content\/uploads\/2014\/06\/boton_historia.jpg\" alt=\"boton_historia\" width=\"100\" height=\"100\" srcset=\"http:\/\/gradadigital.com\/home\/wp-content\/uploads\/2014\/06\/boton_historia.jpg 135w, http:\/\/gradadigital.com\/home\/wp-content\/uploads\/2014\/06\/boton_historia-70x70.jpg 70w\" sizes=\"auto, (max-width: 100px) 100vw, 100px\" \/><\/a><\/p>\n<p style=\"text-align: center;\"><a href=\"http:\/\/gradadigital.com\/home\/especial-posiciones\/\"><img loading=\"lazy\" decoding=\"async\" class=\"alignnone wp-image-12763\" src=\"http:\/\/gradadigital.com\/home\/wp-content\/uploads\/2014\/06\/boton_posiciones.jpg\" alt=\"boton_posiciones\" width=\"100\" height=\"100\" srcset=\"http:\/\/gradadigital.com\/home\/wp-content\/uploads\/2014\/06\/boton_posiciones.jpg 135w, http:\/\/gradadigital.com\/home\/wp-content\/uploads\/2014\/06\/boton_posiciones-70x70.jpg 70w\" sizes=\"auto, (max-width: 100px) 100vw, 100px\" \/><\/a>\u00a0<a href=\"http:\/\/gradadigital.com\/home\/especial-fixture\/\"><img loading=\"lazy\" decoding=\"async\" class=\"alignnone wp-image-12761\" src=\"http:\/\/gradadigital.com\/home\/wp-content\/uploads\/2014\/06\/boton_fixture.jpg\" alt=\"boton_fixture\" width=\"100\" height=\"100\" srcset=\"http:\/\/gradadigital.com\/home\/wp-content\/uploads\/2014\/06\/boton_fixture.jpg 135w, http:\/\/gradadigital.com\/home\/wp-content\/uploads\/2014\/06\/boton_fixture-70x70.jpg 70w\" sizes=\"auto, (max-width: 100px) 100vw, 100px\" \/><\/a>\u00a0<a href=\"http:\/\/gradadigital.com\/home\/especial-planteles\/\"><img loading=\"lazy\" decoding=\"async\" class=\"alignnone wp-image-12760\" src=\"http:\/\/gradadigital.com\/home\/wp-content\/uploads\/2014\/06\/boton_planteles.jpg\" alt=\"boton_planteles\" width=\"100\" height=\"100\" srcset=\"http:\/\/gradadigital.com\/home\/wp-content\/uploads\/2014\/06\/boton_planteles.jpg 135w, http:\/\/gradadigital.com\/home\/wp-content\/uploads\/2014\/06\/boton_planteles-70x70.jpg 70w\" sizes=\"auto, (max-width: 100px) 100vw, 100px\" \/><\/a>\u00a0<a href=\"http:\/\/gradadigital.com\/home\/especial-goleadores\/\"><img loading=\"lazy\" decoding=\"async\" class=\"alignnone wp-image-12762\" src=\"http:\/\/gradadigital.com\/home\/wp-content\/uploads\/2014\/06\/boton_goleadores.jpg\" alt=\"boton_goleadores\" width=\"100\" height=\"100\" srcset=\"http:\/\/gradadigital.com\/home\/wp-content\/uploads\/2014\/06\/boton_goleadores.jpg 135w, http:\/\/gradadigital.com\/home\/wp-content\/uploads\/2014\/06\/boton_goleadores-70x70.jpg 70w\" sizes=\"auto, (max-width: 100px) 100vw, 100px\" \/><\/a>\u00a0<a href=\"http:\/\/gradadigital.com\/home\/especiales-datos-de-jugadores\/\"><img loading=\"lazy\" decoding=\"async\" class=\"alignnone wp-image-12758\" src=\"http:\/\/gradadigital.com\/home\/wp-content\/uploads\/2014\/06\/boton_estadisticas_jugadores.jpg\" alt=\"boton_estadisticas_jugadores\" width=\"100\" height=\"100\" srcset=\"http:\/\/gradadigital.com\/home\/wp-content\/uploads\/2014\/06\/boton_estadisticas_jugadores.jpg 135w, http:\/\/gradadigital.com\/home\/wp-content\/uploads\/2014\/06\/boton_estadisticas_jugadores-70x70.jpg 70w\" sizes=\"auto, (max-width: 100px) 100vw, 100px\" \/><\/a>\u00a0<a href=\"http:\/\/gradadigital.com\/home\/especiales-datos-de-equipos\/\"><img loading=\"lazy\" decoding=\"async\" class=\"alignnone wp-image-12759\" src=\"http:\/\/gradadigital.com\/home\/wp-content\/uploads\/2014\/06\/boton_estadisticas_equipos.jpg\" alt=\"boton_estadisticas_equipos\" width=\"100\" height=\"100\" srcset=\"http:\/\/gradadigital.com\/home\/wp-content\/uploads\/2014\/06\/boton_estadisticas_equipos.jpg 135w, http:\/\/gradadigital.com\/home\/wp-content\/uploads\/2014\/06\/boton_estadisticas_equipos-70x70.jpg 70w\" sizes=\"auto, (max-width: 100px) 100vw, 100px\" \/><\/a><\/p>\n<p style=\"text-align: center;\">\n<p style=\"text-align: center;\">\n<p style=\"text-align: justify;\"><strong>Daniel Mart\u00ednez\u00a0&#8211;<\/strong> \u00bfC\u00f3mo les ir\u00e1 a las selecciones sudamericanas en el Mundial de Brasil 2014? En total son seis, y el claro favorito a llegar m\u00e1s lejos es el local, cinco veces campe\u00f3n. A continuaci\u00f3n en Grada Digital te presentamos el an\u00e1lisis de nuestros representantes sudamericanos:<\/p>\n<p style=\"text-align: center;\"><img loading=\"lazy\" decoding=\"async\" class=\"alignnone size-full wp-image-12637\" src=\"http:\/\/gradadigital.com\/home\/wp-content\/uploads\/2014\/06\/analisis_argentina_2014.jpg\" alt=\"analisis_argentina_2014\" width=\"682\" height=\"682\" srcset=\"http:\/\/gradadigital.com\/home\/wp-content\/uploads\/2014\/06\/analisis_argentina_2014.jpg 682w, http:\/\/gradadigital.com\/home\/wp-content\/uploads\/2014\/06\/analisis_argentina_2014-150x150.jpg 150w, http:\/\/gradadigital.com\/home\/wp-content\/uploads\/2014\/06\/analisis_argentina_2014-300x300.jpg 300w, http:\/\/gradadigital.com\/home\/wp-content\/uploads\/2014\/06\/analisis_argentina_2014-70x70.jpg 70w\" sizes=\"auto, (max-width: 682px) 100vw, 682px\" \/><\/p>\n<p style=\"text-align: justify;\"><strong>Argentina<\/strong><\/p>\n<p style=\"text-align: justify;\">Llega como uno de los candidatos, la historia lo avala y es un grande de la regi\u00f3n. Con una eliminatoria casi perfecta, el conjunto albiceleste no sufri\u00f3 apuros para clasificar al mundial y se ubic\u00f3 en el primer lugar de la tabla con solo dos derrotas, una ante Venezuela al inicio de la eliminatoria y una en la \u00faltima fecha ante Uruguay que se jugaba la clasificaci\u00f3n.<\/p>\n<p style=\"text-align: justify;\">El conjunto albiceleste llega sin bajas por lesi\u00f3n, la ausencia m\u00e1s notable es la de Carlos Tevez, el goleador de la Juventus nunca estuvo en los planes de Sabella y a pesar de ser el 2do m\u00e1ximo anotador de la Serie A Italiana no entr\u00f3 en los 23 convocados. Desde Argentina se habla, que m\u00e1s all\u00e1 de un tema futbol\u00edstico, es un tema de egos entre Messi y Tevez. El considerado mejor del mundo contra el popular jugador del pueblo.<\/p>\n<p style=\"text-align: justify;\">Sorprendi\u00f3 la convocatoria del experimentado Demichelis en una zaga central que no se ve muy confiable. Argentina se encomienda a Messi, que a pesar de no tener su mejor a\u00f1o en el Barcelona, se espera que sea una de las figuras del mundial. Junto a Di Maria, Ag\u00fcero e Higua\u00edn comandar\u00e1n el ataque albiceleste, la l\u00ednea que m\u00e1s mete miedo del conjunto de Alejandro Sabella.<\/p>\n<p style=\"text-align: justify;\">Para finalizar, Argentina, ubicada en el grupo F junto a Nigeria, Iran y Bosnia; tiene todo a la mano para clasificar en el primer lugar sin pasar muchos apuros.<\/p>\n<p style=\"text-align: center;\"><img loading=\"lazy\" decoding=\"async\" class=\"alignnone size-full wp-image-12638\" src=\"http:\/\/gradadigital.com\/home\/wp-content\/uploads\/2014\/06\/analisis_brasil_2014.jpg\" alt=\"analisis_brasil_2014\" width=\"682\" height=\"682\" srcset=\"http:\/\/gradadigital.com\/home\/wp-content\/uploads\/2014\/06\/analisis_brasil_2014.jpg 682w, http:\/\/gradadigital.com\/home\/wp-content\/uploads\/2014\/06\/analisis_brasil_2014-150x150.jpg 150w, http:\/\/gradadigital.com\/home\/wp-content\/uploads\/2014\/06\/analisis_brasil_2014-300x300.jpg 300w, http:\/\/gradadigital.com\/home\/wp-content\/uploads\/2014\/06\/analisis_brasil_2014-70x70.jpg 70w\" sizes=\"auto, (max-width: 682px) 100vw, 682px\" \/><\/p>\n<p style=\"text-align: justify;\"><strong>Brasil<\/strong><\/p>\n<p style=\"text-align: justify;\">Candidato n\u00famero uno, es el local y actual campe\u00f3n de la Copa Confederaciones, a pesar de llegar con bastantes interrogantes Scolari ha podido dise\u00f1ar un equipo que no es muy vistoso, pero si efectivo. Lo demostr\u00f3 en la Copa Confederaciones, se pudo sobreponer a todas las cr\u00edticas y dudas en torno al equipo y en una final brillante le ganaron al actual campe\u00f3n del mundo con un categ\u00f3rico 4-0.<\/p>\n<p style=\"text-align: justify;\">El scratch llega por primera vez en los \u00faltimos a\u00f1os como un equipo s\u00f3lido a nivel defensivo y con una l\u00ednea de ataque sin tantos nombres importantes, Thiago Silva, David Luiz y Dante componen una saga central \u00a0que mete miedo, el medio campo defensivo se ve corto, pero a nivel ofensivo con Oscar, Paulinho\u00a0 y Willian (todos jugadores de la Premier League) la verdeamarela se ve bastante parejita, en ataque Neymar, Fred y Hulk llevan la responsabilidad de hacer los goles.<\/p>\n<p style=\"text-align: justify;\">Bastante presi\u00f3n para Brasil, son los pentacampeones, tienen 8 a\u00f1os sin alcanzar si quiera las semifinales, y llegan a su mundial con un aire bastante enrarecido por las protestas que se suscitan en el pa\u00eds. Se suma a las bajas de jugadores hist\u00f3ricos como Kak\u00e1 y Ronaldinho, que aunque el presente futbol\u00edstico no los acompa\u00f1e, mueven masa y son \u00eddolos.<\/p>\n<p style=\"text-align: justify;\">Ubicada en el grupo A, se enfrentar\u00e1 con Croacia, M\u00e9xico y Camer\u00fan, rivales que no ser\u00e1n f\u00e1ciles, pero estimo que\u00a0 no tendr\u00e1n inconvenientes en pasar de ronda.<\/p>\n<p style=\"text-align: center;\">\u00a0<img loading=\"lazy\" decoding=\"async\" class=\"alignnone size-full wp-image-12639\" src=\"http:\/\/gradadigital.com\/home\/wp-content\/uploads\/2014\/06\/analisis_chile_2014.jpg\" alt=\"analisis_chile_2014\" width=\"682\" height=\"682\" srcset=\"http:\/\/gradadigital.com\/home\/wp-content\/uploads\/2014\/06\/analisis_chile_2014.jpg 682w, http:\/\/gradadigital.com\/home\/wp-content\/uploads\/2014\/06\/analisis_chile_2014-150x150.jpg 150w, http:\/\/gradadigital.com\/home\/wp-content\/uploads\/2014\/06\/analisis_chile_2014-300x300.jpg 300w, http:\/\/gradadigital.com\/home\/wp-content\/uploads\/2014\/06\/analisis_chile_2014-70x70.jpg 70w\" sizes=\"auto, (max-width: 682px) 100vw, 682px\" \/><\/p>\n<p style=\"text-align: justify;\"><strong>Chile<\/strong><\/p>\n<p style=\"text-align: justify;\">La selecci\u00f3n dirigida por Sampaoli nuevamente se ver\u00e1 la cara con Espa\u00f1a al igual que en el a\u00f1o 2010. Los chilenos mostraron dos caras en la eliminatoria, una selecci\u00f3n desgastada y sin ideas en los primeros partidos, y un conjunto totalmente renovado cuando lleg\u00f3 el anterior entrenador de la U de Chile.<\/p>\n<p style=\"text-align: justify;\">Llegan con la duda, y la espera hasta \u00faltimo momento de una de sus principales figuras, Arturo Vidal, el mediocampista de la Juventus tuvo que operarse antes de finalizar la temporada en Italia por un problema y su rodilla, ya se encuentra entrenando con el grupo, pero no se sabe si llegar\u00e1 a tono al primer o segundo partido del grupo.<\/p>\n<p style=\"text-align: justify;\">Si mencionamos a Vidal, considerado uno de los mejores mediocampistas de la actualidad, hay que hablar de Alexis S\u00e1nchez, el jugador del Barcelona vivi\u00f3 su mejor a\u00f1o desde que lleg\u00f3 al conjunto Catal\u00e1n, recuper\u00f3 la verticalidad que se le vio en Colo Colo y River, la misma que luego le permiti\u00f3 dar el salto al Udinese de Italia.<\/p>\n<p style=\"text-align: justify;\">La plantilla de Chile se ve bastante compacta, Claudio Bravo como su portero capit\u00e1n y con vasta experiencia en Espa\u00f1a, Medel y Jara comandando la defensa, Carmona, Vidal y Valdivia siendo los ejes de la mitad de la cancha y adelante el mencionado Alexis S\u00e1nchez con la juventud de Eduardo Vargas.<\/p>\n<p style=\"text-align: justify;\">Chile integra el grupo B, junto al actual campe\u00f3n del mundo Espa\u00f1a, la siempre dif\u00edcil Holanda, y Australia, lamentablemente la selecci\u00f3n de Ocean\u00eda parte con toda la pinta de ser el \u00faltimo del grupo y sin punto alguno. En mi opini\u00f3n Chile se disputar\u00e1 con Holanda la posibilidad del 2do lugar del grupo, no dudo del nivel de Chile, sino que Holanda si sus estrellas est\u00e1n enchufadas puede pasarle por encima a cualquier rival y Espa\u00f1a, por algo es el campe\u00f3n del mundo.<\/p>\n<p style=\"text-align: center;\"><img loading=\"lazy\" decoding=\"async\" class=\"alignnone size-full wp-image-12640\" src=\"http:\/\/gradadigital.com\/home\/wp-content\/uploads\/2014\/06\/analisis_colombia_2014.jpg\" alt=\"analisis_colombia_2014\" width=\"682\" height=\"682\" srcset=\"http:\/\/gradadigital.com\/home\/wp-content\/uploads\/2014\/06\/analisis_colombia_2014.jpg 682w, http:\/\/gradadigital.com\/home\/wp-content\/uploads\/2014\/06\/analisis_colombia_2014-150x150.jpg 150w, http:\/\/gradadigital.com\/home\/wp-content\/uploads\/2014\/06\/analisis_colombia_2014-300x300.jpg 300w, http:\/\/gradadigital.com\/home\/wp-content\/uploads\/2014\/06\/analisis_colombia_2014-70x70.jpg 70w\" sizes=\"auto, (max-width: 682px) 100vw, 682px\" \/><\/p>\n<p style=\"text-align: justify;\"><strong>Colombia<\/strong><\/p>\n<p style=\"text-align: justify;\">Despu\u00e9s de 4 mundiales de ausencia la selecci\u00f3n cafetera vuelve a la m\u00e1xima competici\u00f3n de f\u00fatbol del mundo. Tras una eliminatoria casi perfecta de la mano de Pekerman y gracias a los goles de Falcao (gran ausente del mundial) los colombianos pintan como una de las posibles revelaciones del certamen.<\/p>\n<p style=\"text-align: justify;\">Colombia presenta un equipo, que nombre por nombre no tiene nada que envidiarle a las llamadas grandes de Sudam\u00e9rica, una zaga defensiva forjada en Italia comandada por Mario Yepes y Cristian Zapata y el polivalente Camilo Zu\u00f1iga.\u00a0 Un medio campo internacional con Guar\u00edn y Cuadrado a la cabeza, ambos con experiencia en la liga italiana y siendo fundamentales en sus equipos. Para finalizar una l\u00ednea ofensiva que, aunque presente la baja de Radamel Falcao, cuenta con experiencia de sobra con Jackson Mart\u00ednez, Carlos Bacca y \u201cTeo\u201d Gutierrez.<\/p>\n<p style=\"text-align: justify;\">Los cafeteros llegan sin presi\u00f3n, pero si con la posibilidad de ser la gran sorpresa del torneo junto a los Belgas, mucho por ganar y poco que perder. Los del pa\u00eds vecino se encuentran en el Grupo C, que a priori se ve bastante parejo con Grecia, Costa de Marfil y los siempre dif\u00edciles Jap\u00f3n. Tendr\u00e1n que luchar y no cometer errores, pero conf\u00edo en que puedan clasificar.<\/p>\n<p style=\"text-align: center;\">\u00a0<img loading=\"lazy\" decoding=\"async\" class=\"alignnone size-full wp-image-12641\" src=\"http:\/\/gradadigital.com\/home\/wp-content\/uploads\/2014\/06\/analisis_ecuador_2014.jpg\" alt=\"analisis_ecuador_2014\" width=\"682\" height=\"682\" srcset=\"http:\/\/gradadigital.com\/home\/wp-content\/uploads\/2014\/06\/analisis_ecuador_2014.jpg 682w, http:\/\/gradadigital.com\/home\/wp-content\/uploads\/2014\/06\/analisis_ecuador_2014-150x150.jpg 150w, http:\/\/gradadigital.com\/home\/wp-content\/uploads\/2014\/06\/analisis_ecuador_2014-300x300.jpg 300w, http:\/\/gradadigital.com\/home\/wp-content\/uploads\/2014\/06\/analisis_ecuador_2014-70x70.jpg 70w\" sizes=\"auto, (max-width: 682px) 100vw, 682px\" \/><\/p>\n<p style=\"text-align: justify;\"><strong>Ecuador<\/strong><\/p>\n<p style=\"text-align: justify;\">Nuevamente la selecci\u00f3n meridional se encuentra en la Copa del Mundo, despu\u00e9s de ser \u2013 junto a Venezuela \u2013 la \u00fanica selecci\u00f3n sudamericana sin asistir a mundiales, por 3er mundial consecutivo inscribe su nombre en la m\u00e1xima competici\u00f3n del balompi\u00e9.<\/p>\n<p style=\"text-align: justify;\">Llega como un equipo sin muchos nombres rotulantes, y con muchas ganas de demostrar su avance, su figura principal Antonio Valencia, el extremo del Manchester United goza de la confianza en su equipo en la Premier y es figura fundamental del conjunto de Old Trafford.<\/p>\n<p style=\"text-align: justify;\">Dedicatoria especial en este espacio para quien ya no est\u00e1 entre nosotros, Christian \u201cChucho\u201d Benitez, quien falleci\u00f3 a causa de un paro respiratorio en Qatar a finales de julio del a\u00f1o anterior. Sus compatriotas jugar\u00e1n el mundial en su nombre y buscar\u00e1n seguir confirmando que, m\u00e1s que una casualidad, son una realidad.<\/p>\n<p style=\"text-align: justify;\">Ecuador comparte el grupo E con Suiza, Francia y Honduras. Un grupo, al igual que el de Colombia, bastante parejo y que puede darle la oportunidad a la selecci\u00f3n meridional de meterse en 8vos de final de la competici\u00f3n.<\/p>\n<p>\u00a0<img loading=\"lazy\" decoding=\"async\" class=\"aligncenter wp-image-12642 size-full\" src=\"http:\/\/gradadigital.com\/home\/wp-content\/uploads\/2014\/06\/analisis_uruguay_2014.jpg\" alt=\"analisis_uruguay_2014\" width=\"682\" height=\"682\" srcset=\"http:\/\/gradadigital.com\/home\/wp-content\/uploads\/2014\/06\/analisis_uruguay_2014.jpg 682w, http:\/\/gradadigital.com\/home\/wp-content\/uploads\/2014\/06\/analisis_uruguay_2014-150x150.jpg 150w, http:\/\/gradadigital.com\/home\/wp-content\/uploads\/2014\/06\/analisis_uruguay_2014-300x300.jpg 300w, http:\/\/gradadigital.com\/home\/wp-content\/uploads\/2014\/06\/analisis_uruguay_2014-70x70.jpg 70w\" sizes=\"auto, (max-width: 682px) 100vw, 682px\" \/><\/p>\n<p style=\"text-align: justify;\"><strong>Uruguay<\/strong><\/p>\n<p style=\"text-align: justify;\">Al igual que en 2010 los celestes se meten en la Copa del Mundo al pasar el repechaje, tuvieron un cierre de Eliminatorias espectacular, lo que les permiti\u00f3 meterse en el mundial nuevamente. Poseen un ataque fuerte comandado por Cavani y Luis Suarez, una defensa aguerrida con Diego Lugano a la cabeza y se le suma el buen nivel mostrado por Diego God\u00edn, quien fue campe\u00f3n en Espa\u00f1a con el Atl\u00e9tico de Madrid (gracias a un gol suyo en el partido definitorio) y subcampe\u00f3n en la Liga de Campeones.<\/p>\n<p style=\"text-align: justify;\">Si mencionamos el nivel de la defensa uruguaya hay que hablar de la versatilidad de Mart\u00edn C\u00e1ceres, el defensor de la Juventus puede jugar como lateral por ambas bandas y como central, lo que le brinda al \u201cmaestro\u201d Tabarez muchas opciones a nivel defensivo. En la mitad de la cancha cuentan con un Gargano que no descansa, y de la l\u00ednea ofensiva ya no hay nada que decir.<\/p>\n<p style=\"text-align: justify;\">Si comentamos que el grupo de Argentina y Brasil eran accesibles y el de Colombia y Ecuador re\u00f1idos, \u00bfqu\u00e9 decir de este? Uruguay se encuentra en el grupo D junto a Inglaterra, Italia y Costa Rica, la selecci\u00f3n centroamericana luce como la cenicienta, y la clasificaci\u00f3n ser\u00e1 disputada entre los tres conjuntos campeones del mundo. Creo que Uruguay parte con ventaja sobre Inglaterra, y puede meterse en el 2do lugar por detr\u00e1s de Italia, que no llega como favorita y es cuando es m\u00e1s peligrosa.<\/p>\n","protected":false},"excerpt":{"rendered":"<p>\u00a0\u00a0\u00a0\u00a0\u00a0 \u00a0\u00a0\u00a0\u00a0\u00a0 Daniel Mart\u00ednez\u00a0&#8211; \u00bfC\u00f3mo les ir\u00e1 a las selecciones sudamericanas en el Mundial de Brasil 2014? En total son seis, y el claro favorito a llegar m\u00e1s lejos es el local, cinco veces campe\u00f3n. A continuaci\u00f3n en Grada Digital te presentamos el an\u00e1lisis de nuestros representantes sudamericanos: Argentina Llega como uno de los candidatos, &#8230;<\/p>\n","protected":false},"author":4,"featured_media":0,"parent":0,"menu_order":0,"comment_status":"closed","ping_status":"closed","template":"","meta":{"footnotes":""},"class_list":["post-12635","page","type-page","status-publish","hentry"],"_links":{"self":[{"href":"http:\/\/gradadigital.com\/home\/wp-json\/wp\/v2\/pages\/12635","targetHints":{"allow":["GET"]}}],"collection":[{"href":"http:\/\/gradadigital.com\/home\/wp-json\/wp\/v2\/pages"}],"about":[{"href":"http:\/\/gradadigital.com\/home\/wp-json\/wp\/v2\/types\/page"}],"author":[{"embeddable":true,"href":"http:\/\/gradadigital.com\/home\/wp-json\/wp\/v2\/users\/4"}],"replies":[{"embeddable":true,"href":"http:\/\/gradadigital.com\/home\/wp-json\/wp\/v2\/comments?post=12635"}],"version-history":[{"count":3,"href":"http:\/\/gradadigital.com\/home\/wp-json\/wp\/v2\/pages\/12635\/revisions"}],"predecessor-version":[{"id":12771,"href":"http:\/\/gradadigital.com\/home\/wp-json\/wp\/v2\/pages\/12635\/revisions\/12771"}],"wp:attachment":[{"href":"http:\/\/gradadigital.com\/home\/wp-json\/wp\/v2\/media?parent=12635"}],"curies":[{"name":"wp","href":"https:\/\/api.w.org\/{rel}","templated":true}]}}